{"id":1665,"date":"2026-03-30T09:30:24","date_gmt":"2026-03-30T09:30:24","guid":{"rendered":"https:\/\/quatricinia.com\/?page_id=1665"},"modified":"2026-03-30T15:35:24","modified_gmt":"2026-03-30T15:35:24","slug":"der-musikalisch-tuerkische-eulenspiegel","status":"publish","type":"page","link":"https:\/\/quatricinia.com\/en\/projekte\/der-musikalisch-tuerkische-eulenspiegel","title":{"rendered":"Der Musikalisch-T\u00fcrkische Eulenspiegel"},"content":{"rendered":"\t\t<div data-elementor-type=\"wp-page\" data-elementor-id=\"1665\" class=\"elementor elementor-1665\">\n\t\t\t\t\t\t<section class=\"elementor-section elementor-top-section elementor-element elementor-element-bdac532 elementor-section-boxed elementor-section-height-default elementor-section-height-default\" data-id=\"bdac532\" data-element_type=\"section\" data-e-type=\"section\">\n\t\t\t\t\t\t<div class=\"elementor-container elementor-column-gap-default\">\n\t\t\t\t\t<div class=\"elementor-column elementor-col-100 elementor-top-column elementor-element elementor-element-9e32f76\" data-id=\"9e32f76\" data-element_type=\"column\" data-e-type=\"column\">\n\t\t\t<div class=\"elementor-widget-wrap elementor-element-populated\">\n\t\t\t\t\t\t<div class=\"elementor-element elementor-element-ee002b8 elementor-widget elementor-widget-image\" data-id=\"ee002b8\" data-element_type=\"widget\" data-e-type=\"widget\" data-widget_type=\"image.default\">\n\t\t\t\t<div class=\"elementor-widget-container\">\n\t\t\t\t\t\t\t\t\t\t\t\t\t\t\t<img fetchpriority=\"high\" decoding=\"async\" width=\"800\" height=\"800\" src=\"https:\/\/quatricinia.com\/wp-content\/uploads\/2026\/03\/Foto-Josy-1024x1024.jpeg\" class=\"attachment-large size-large wp-image-1681\" alt=\"\" srcset=\"https:\/\/quatricinia.com\/wp-content\/uploads\/2026\/03\/Foto-Josy-1024x1024.jpeg 1024w, https:\/\/quatricinia.com\/wp-content\/uploads\/2026\/03\/Foto-Josy-300x300.jpeg 300w, https:\/\/quatricinia.com\/wp-content\/uploads\/2026\/03\/Foto-Josy-150x150.jpeg 150w, https:\/\/quatricinia.com\/wp-content\/uploads\/2026\/03\/Foto-Josy-768x768.jpeg 768w, https:\/\/quatricinia.com\/wp-content\/uploads\/2026\/03\/Foto-Josy-1536x1536.jpeg 1536w, https:\/\/quatricinia.com\/wp-content\/uploads\/2026\/03\/Foto-Josy-12x12.jpeg 12w, https:\/\/quatricinia.com\/wp-content\/uploads\/2026\/03\/Foto-Josy.jpeg 1600w\" sizes=\"(max-width: 800px) 100vw, 800px\" \/>\t\t\t\t\t\t\t\t\t\t\t\t\t\t\t<\/div>\n\t\t\t\t<\/div>\n\t\t\t\t\t<\/div>\n\t\t<\/div>\n\t\t\t\t\t<\/div>\n\t\t<\/section>\n\t\t\t\t<section class=\"elementor-section elementor-top-section elementor-element elementor-element-dcc7f60 elementor-section-boxed elementor-section-height-default elementor-section-height-default\" data-id=\"dcc7f60\" data-element_type=\"section\" data-e-type=\"section\">\n\t\t\t\t\t\t<div class=\"elementor-container elementor-column-gap-default\">\n\t\t\t\t\t<div class=\"elementor-column elementor-col-100 elementor-top-column elementor-element elementor-element-6343556\" data-id=\"6343556\" data-element_type=\"column\" data-e-type=\"column\">\n\t\t\t<div class=\"elementor-widget-wrap elementor-element-populated\">\n\t\t\t\t\t\t<div class=\"elementor-element elementor-element-12a77b6 elementor-widget elementor-widget-text-editor\" data-id=\"12a77b6\" data-element_type=\"widget\" data-e-type=\"widget\" data-widget_type=\"text-editor.default\">\n\t\t\t\t<div class=\"elementor-widget-container\">\n\t\t\t\t\t\t\t\t\t<p>Der Komponist und Schriftsteller Daniel Speer (1636 Breslau \u2013 1707 G\u00f6ppingen) ver\u00f6ffentlichte 1683 seinen Roman \u201eUngarischer oder Dacianischer Simplicissimus\u201c. F\u00fcnf Jahre sp\u00e4ter erschien seine Komposition \u201eMusikalisch-T\u00fcrkischer Eulenspiegel\u201c, eine Sammlung von kurzen St\u00fccken, die den verschiedenen L\u00e4ndern gewidmet sind, welche Speer in seinem Roman erw\u00e4hnt. Unser Programm enth\u00e4lt eine Suite aus dem Musikalisch-T\u00fcrkischen Eulenspiegel, sowie andere Werke Daniel Speers und von Komponisten aus dessen geographischer Umgebung.<\/p>\t\t\t\t\t\t\t\t<\/div>\n\t\t\t\t<\/div>\n\t\t\t\t\t<\/div>\n\t\t<\/div>\n\t\t\t\t\t<\/div>\n\t\t<\/section>\n\t\t\t\t<section class=\"elementor-section elementor-top-section elementor-element elementor-element-77f3e07 elementor-section-boxed elementor-section-height-default elementor-section-height-default\" data-id=\"77f3e07\" data-element_type=\"section\" data-e-type=\"section\">\n\t\t\t\t\t\t<div class=\"elementor-container elementor-column-gap-default\">\n\t\t\t\t\t<div class=\"elementor-column elementor-col-100 elementor-top-column elementor-element elementor-element-cb916f3\" data-id=\"cb916f3\" data-element_type=\"column\" data-e-type=\"column\">\n\t\t\t<div class=\"elementor-widget-wrap elementor-element-populated\">\n\t\t\t\t\t\t<div class=\"elementor-element elementor-element-c5b8315 elementor-widget elementor-widget-text-editor\" data-id=\"c5b8315\" data-element_type=\"widget\" data-e-type=\"widget\" data-widget_type=\"text-editor.default\">\n\t\t\t\t<div class=\"elementor-widget-container\">\n\t\t\t\t\t\t\t\t\t<p><!--[if lt IE 9]><script>document.createElement('audio');<\/script><![endif]-->\n<audio class=\"wp-audio-shortcode\" id=\"audio-1665-1\" preload=\"none\" style=\"width: 100%;\" controls=\"controls\"><source type=\"audio\/wav\" src=\"https:\/\/quatricinia.com\/wp-content\/uploads\/2026\/03\/06-SPEER-Sonata-Gigue-sol-a3_RADIOMASTER.wav?_=1\" \/><a href=\"https:\/\/quatricinia.com\/wp-content\/uploads\/2026\/03\/06-SPEER-Sonata-Gigue-sol-a3_RADIOMASTER.wav\">https:\/\/quatricinia.com\/wp-content\/uploads\/2026\/03\/06-SPEER-Sonata-Gigue-sol-a3_RADIOMASTER.wav<\/a><\/audio><\/p><p>Sonata und Gigue a tre in G-Dur aus der Lustigen Tafelmusik (D. Speer) \u2013 Aufnahme des Konzerts von Quatricinia am 1. M\u00e4rz 2026 im Rahmen des Festivals 30 Joer Uergelfr\u00ebnn Walb\u00eblleg f\u00fcr das Radio FCE-Continuo, mit freundlicher Genehmigung von Josy Peschon (www.fce-lu.com)<\/p>\t\t\t\t\t\t\t\t<\/div>\n\t\t\t\t<\/div>\n\t\t\t\t\t<\/div>\n\t\t<\/div>\n\t\t\t\t\t<\/div>\n\t\t<\/section>\n\t\t\t\t<section class=\"elementor-section elementor-top-section elementor-element elementor-element-1260c8e elementor-section-boxed elementor-section-height-default elementor-section-height-default\" data-id=\"1260c8e\" data-element_type=\"section\" data-e-type=\"section\">\n\t\t\t\t\t\t<div class=\"elementor-container elementor-column-gap-default\">\n\t\t\t\t\t<div class=\"elementor-column elementor-col-100 elementor-top-column elementor-element elementor-element-bc7346e\" data-id=\"bc7346e\" data-element_type=\"column\" data-e-type=\"column\">\n\t\t\t<div class=\"elementor-widget-wrap elementor-element-populated\">\n\t\t\t\t\t\t<div class=\"elementor-element elementor-element-797a906 elementor-widget elementor-widget-text-editor\" data-id=\"797a906\" data-element_type=\"widget\" data-e-type=\"widget\" data-widget_type=\"text-editor.default\">\n\t\t\t\t<div class=\"elementor-widget-container\">\n\t\t\t\t\t\t\t\t\t<p><audio class=\"wp-audio-shortcode\" id=\"audio-1665-2\" preload=\"none\" style=\"width: 100%;\" controls=\"controls\"><source type=\"audio\/wav\" src=\"https:\/\/quatricinia.com\/wp-content\/uploads\/2026\/03\/260301-Quatricinia_SPEER-MTE-Suite_MASTER.wav?_=2\" \/><a href=\"https:\/\/quatricinia.com\/wp-content\/uploads\/2026\/03\/260301-Quatricinia_SPEER-MTE-Suite_MASTER.wav\">https:\/\/quatricinia.com\/wp-content\/uploads\/2026\/03\/260301-Quatricinia_SPEER-MTE-Suite_MASTER.wav<\/a><\/audio><\/p><p>Suite aus dem Musikalisch-T\u00fcrkischen Eulenspiegel (D. Speer) &#8211; Aufnahme des Konzerts von Quatricinia am 1. M\u00e4rz 2026 im Rahmen des Festivals 30 Joer Uergelfr\u00ebnn Walb\u00eblleg f\u00fcr das Radio FCE-Continuo, mit freundlicher Genehmigung von Josy Peschon (www.fce-lu.com)<\/p>\t\t\t\t\t\t\t\t<\/div>\n\t\t\t\t<\/div>\n\t\t\t\t\t<\/div>\n\t\t<\/div>\n\t\t\t\t\t<\/div>\n\t\t<\/section>\n\t\t\t\t<\/div>\n\t\t","protected":false},"excerpt":{"rendered":"<p>Der Komponist und Schriftsteller Daniel Speer (1636 Breslau \u2013 1707 G\u00f6ppingen) ver\u00f6ffentlichte 1683 seinen Roman \u201eUngarischer oder Dacianischer Simplicissimus\u201c. F\u00fcnf Jahre sp\u00e4ter erschien seine Komposition \u201eMusikalisch-T\u00fcrkischer Eulenspiegel\u201c, eine Sammlung von kurzen St\u00fccken, die den verschiedenen L\u00e4ndern gewidmet sind, welche Speer in seinem Roman erw\u00e4hnt. Unser Programm enth\u00e4lt eine Suite aus dem Musikalisch-T\u00fcrkischen Eulenspiegel, sowie andere [&hellip;]<\/p>\n","protected":false},"author":1,"featured_media":0,"parent":293,"menu_order":1,"comment_status":"closed","ping_status":"closed","template":"","meta":{"footnotes":""},"class_list":["post-1665","page","type-page","status-publish","hentry"],"_links":{"self":[{"href":"https:\/\/quatricinia.com\/en\/wp-json\/wp\/v2\/pages\/1665","targetHints":{"allow":["GET"]}}],"collection":[{"href":"https:\/\/quatricinia.com\/en\/wp-json\/wp\/v2\/pages"}],"about":[{"href":"https:\/\/quatricinia.com\/en\/wp-json\/wp\/v2\/types\/page"}],"author":[{"embeddable":true,"href":"https:\/\/quatricinia.com\/en\/wp-json\/wp\/v2\/users\/1"}],"replies":[{"embeddable":true,"href":"https:\/\/quatricinia.com\/en\/wp-json\/wp\/v2\/comments?post=1665"}],"version-history":[{"count":34,"href":"https:\/\/quatricinia.com\/en\/wp-json\/wp\/v2\/pages\/1665\/revisions"}],"predecessor-version":[{"id":1730,"href":"https:\/\/quatricinia.com\/en\/wp-json\/wp\/v2\/pages\/1665\/revisions\/1730"}],"up":[{"embeddable":true,"href":"https:\/\/quatricinia.com\/en\/wp-json\/wp\/v2\/pages\/293"}],"wp:attachment":[{"href":"https:\/\/quatricinia.com\/en\/wp-json\/wp\/v2\/media?parent=1665"}],"curies":[{"name":"wp","href":"https:\/\/api.w.org\/{rel}","templated":true}]}}